{"id":430,"date":"2026-08-31T22:13:36","date_gmt":"2026-08-31T20:13:36","guid":{"rendered":"https:\/\/somosardo.com\/projectes\/de-quan-les-aigues-es-van-tornar-camins\/"},"modified":"2026-09-02T21:16:47","modified_gmt":"2026-09-02T19:16:47","slug":"de-quan-les-aigues-es-van-tornar-camins","status":"publish","type":"projecte","link":"https:\/\/somosardo.com\/es\/projectes\/de-quan-les-aigues-es-van-tornar-camins\/","title":{"rendered":"De quan les aig\u00fces es van tornar camins"},"content":{"rendered":"\n<p class=\"wp-block-paragraph\">Un encargo del Centro Excursionista de Catalunya<\/p>\n\n\n\n<h2 class=\"wp-block-heading\">Sinopsis<\/h2>\n\n\n\n<p class=\"wp-block-paragraph\">El puente de Quer\u00f3s qued\u00f3 bajo el agua en 1967, cuando se construy\u00f3 el pantano de Susqueda. La sequ\u00eda de los \u00faltimos a\u00f1os le ha vuelto a sacar a la superficie, y durante unos meses ha sido posible volver a atravesarlo.<\/p>\n\n\n\n<p class=\"wp-block-paragraph\">Desde all\u00ed se leen en voz alta las rutas que pasaban, descritas por Artur Osona en 1893. Un documento sobre lo que el agua tapa y lo que su ausencia devuelve.<\/p>\n\n\n\n<h2 class=\"wp-block-heading\">Nota de direcci\u00f3n<\/h2>\n\n\n\n<p class=\"wp-block-paragraph\">Este proyecto se ha realizado a partir de la revisi\u00f3n de una serie de rutas descritas en la \u00abGu\u00eda Itineraria de las Monta\u00f1as de la Regi\u00f3n del Montseny con todas las derivaciones, incluso las Guilleries, o sea del Ter hasta el Congost, Mogent y Tordera dividida en 144 itinerarios\u00bb, (1893) Excursion Las excursiones trabajadas tienen en com\u00fan atravesar el valle de Quer\u00f3s pasando por el puente de Quer\u00f3s, detalle que s\u00f3lo era posible antes de la construcci\u00f3n del pantano de Susqueda (1967). Sin embargo, la sequ\u00eda persistente del \u00faltimo a\u00f1o ha sacado a la superficie el antiguo puente, que superando la vaguada del r\u00edo Ter a\u00fan se mantiene de pie uniendo las dos vertientes de este valle tan escarpado. La falta de agua ha permitido que sea posible volver a atravesar el puente de Quer\u00f3s.<br>Desde all\u00ed, leemos las rutas documentadas por Artur Osona y que le atravesaban. As\u00ed, hacemos un documento audiovisual de car\u00e1cter ensay\u00edstico sobre la sequ\u00eda, el paso del tiempo, la erosi\u00f3n, las rutas excursionistas y la morfolog\u00eda del valle de Sau, determinada por el Ter y sus afluentes. La sequ\u00eda nos ha llevado a esta zona a recuperar un pasado que hab\u00eda quedado debajo del agua.<\/p>\n","protected":false},"featured_media":433,"menu_order":5,"template":"","class_list":["post-430","projecte","type-projecte","status-publish","has-post-thumbnail","hentry"],"acf":[],"yoast_head":"<!-- This site is optimized with the Yoast SEO plugin v28.4 - https:\/\/yoast.com\/product\/yoast-seo-wordpress\/ -->\n<title>De quan les aig\u00fces es van tornar camins &#183; Ardo Productions<\/title>\n<meta name=\"robots\" content=\"noindex, follow, max-snippet:-1, max-image-preview:large, max-video-preview:-1\" \/>\n<meta property=\"og:locale\" content=\"es_ES\" \/>\n<meta property=\"og:type\" content=\"article\" \/>\n<meta property=\"og:title\" content=\"De quan les aig\u00fces es van tornar camins &#183; Ardo Productions\" \/>\n<meta property=\"og:description\" content=\"Un encargo del Centro Excursionista de Catalunya Sinopsis El puente de Quer\u00f3s qued\u00f3 bajo el agua en 1967, cuando se construy\u00f3 el pantano de Susqueda. La sequ\u00eda de los \u00faltimos a\u00f1os le ha vuelto a sacar a la superficie, y durante unos meses ha sido posible volver a atravesarlo. Desde all\u00ed se leen en voz [&hellip;]\" \/>\n<meta property=\"og:url\" content=\"https:\/\/somosardo.com\/es\/projectes\/de-quan-les-aigues-es-van-tornar-camins\/\" \/>\n<meta property=\"og:site_name\" content=\"Ardo Productions\" \/>\n<meta property=\"article:modified_time\" content=\"2026-09-02T19:16:47+00:00\" \/>\n<meta property=\"og:image\" content=\"https:\/\/somosardo.com\/wp-content\/uploads\/2026\/08\/De-quan-les-aigues-es-van-tornar-camins-Portada-scaled.jpg\" \/>\n\t<meta property=\"og:image:width\" content=\"2560\" \/>\n\t<meta property=\"og:image:height\" content=\"1440\" \/>\n\t<meta property=\"og:image:type\" content=\"image\/jpeg\" \/>\n<meta name=\"twitter:card\" content=\"summary_large_image\" \/>\n<meta name=\"twitter:label1\" content=\"Tiempo de lectura\" \/>\n\t<meta name=\"twitter:data1\" content=\"2 minutos\" \/>\n<script type=\"application\/ld+json\" class=\"yoast-schema-graph\">{\"@context\":\"https:\\\/\\\/schema.org\",\"@graph\":[{\"@type\":\"WebPage\",\"@id\":\"https:\\\/\\\/somosardo.com\\\/es\\\/projectes\\\/de-quan-les-aigues-es-van-tornar-camins\\\/\",\"url\":\"https:\\\/\\\/somosardo.com\\\/es\\\/projectes\\\/de-quan-les-aigues-es-van-tornar-camins\\\/\",\"name\":\"De quan les aig\u00fces es van tornar camins &#183; Ardo Productions\",\"isPartOf\":{\"@id\":\"https:\\\/\\\/somosardo.com\\\/es\\\/#website\"},\"primaryImageOfPage\":{\"@id\":\"https:\\\/\\\/somosardo.com\\\/es\\\/projectes\\\/de-quan-les-aigues-es-van-tornar-camins\\\/#primaryimage\"},\"image\":{\"@id\":\"https:\\\/\\\/somosardo.com\\\/es\\\/projectes\\\/de-quan-les-aigues-es-van-tornar-camins\\\/#primaryimage\"},\"thumbnailUrl\":\"https:\\\/\\\/somosardo.com\\\/wp-content\\\/uploads\\\/2026\\\/08\\\/De-quan-les-aigues-es-van-tornar-camins-Portada-scaled.jpg\",\"datePublished\":\"2026-08-31T20:13:36+00:00\",\"dateModified\":\"2026-09-02T19:16:47+00:00\",\"breadcrumb\":{\"@id\":\"https:\\\/\\\/somosardo.com\\\/es\\\/projectes\\\/de-quan-les-aigues-es-van-tornar-camins\\\/#breadcrumb\"},\"inLanguage\":\"es\",\"potentialAction\":[{\"@type\":\"ReadAction\",\"target\":[\"https:\\\/\\\/somosardo.com\\\/es\\\/projectes\\\/de-quan-les-aigues-es-van-tornar-camins\\\/\"]}]},{\"@type\":\"ImageObject\",\"inLanguage\":\"es\",\"@id\":\"https:\\\/\\\/somosardo.com\\\/es\\\/projectes\\\/de-quan-les-aigues-es-van-tornar-camins\\\/#primaryimage\",\"url\":\"https:\\\/\\\/somosardo.com\\\/wp-content\\\/uploads\\\/2026\\\/08\\\/De-quan-les-aigues-es-van-tornar-camins-Portada-scaled.jpg\",\"contentUrl\":\"https:\\\/\\\/somosardo.com\\\/wp-content\\\/uploads\\\/2026\\\/08\\\/De-quan-les-aigues-es-van-tornar-camins-Portada-scaled.jpg\",\"width\":2560,\"height\":1440,\"caption\":\"El t\u00edtol De quan les aig\u00fces es van tornar camins sobre un degradat rosat\"},{\"@type\":\"BreadcrumbList\",\"@id\":\"https:\\\/\\\/somosardo.com\\\/es\\\/projectes\\\/de-quan-les-aigues-es-van-tornar-camins\\\/#breadcrumb\",\"itemListElement\":[{\"@type\":\"ListItem\",\"position\":1,\"name\":\"Inici\",\"item\":\"https:\\\/\\\/somosardo.com\\\/es\\\/\"},{\"@type\":\"ListItem\",\"position\":2,\"name\":\"Projectes\",\"item\":\"https:\\\/\\\/somosardo.com\\\/es\\\/projectes\\\/\"},{\"@type\":\"ListItem\",\"position\":3,\"name\":\"De quan les aig\u00fces es van tornar camins\"}]},{\"@type\":\"WebSite\",\"@id\":\"https:\\\/\\\/somosardo.com\\\/es\\\/#website\",\"url\":\"https:\\\/\\\/somosardo.com\\\/es\\\/\",\"name\":\"Ardo Productions\",\"description\":\"Productora audiovisual\",\"publisher\":{\"@id\":\"https:\\\/\\\/somosardo.com\\\/es\\\/#organization\"},\"potentialAction\":[{\"@type\":\"SearchAction\",\"target\":{\"@type\":\"EntryPoint\",\"urlTemplate\":\"https:\\\/\\\/somosardo.com\\\/es\\\/?s={search_term_string}\"},\"query-input\":{\"@type\":\"PropertyValueSpecification\",\"valueRequired\":true,\"valueName\":\"search_term_string\"}}],\"inLanguage\":\"es\"},{\"@type\":\"Organization\",\"@id\":\"https:\\\/\\\/somosardo.com\\\/es\\\/#organization\",\"name\":\"Ardo Productions\",\"url\":\"https:\\\/\\\/somosardo.com\\\/es\\\/\",\"logo\":{\"@type\":\"ImageObject\",\"inLanguage\":\"es\",\"@id\":\"https:\\\/\\\/somosardo.com\\\/es\\\/#\\\/schema\\\/logo\\\/image\\\/\",\"url\":\"https:\\\/\\\/somosardo.com\\\/wp-content\\\/uploads\\\/2026\\\/06\\\/favicon.png\",\"contentUrl\":\"https:\\\/\\\/somosardo.com\\\/wp-content\\\/uploads\\\/2026\\\/06\\\/favicon.png\",\"width\":600,\"height\":600,\"caption\":\"Ardo Productions\"},\"image\":{\"@id\":\"https:\\\/\\\/somosardo.com\\\/es\\\/#\\\/schema\\\/logo\\\/image\\\/\"},\"sameAs\":[\"https:\\\/\\\/www.instagram.com\\\/ardoproductions\\\/\",\"https:\\\/\\\/www.youtube.com\\\/@ARDO_PRODUCTIONS\"]}]}<\/script>\n<!-- \/ Yoast SEO plugin. -->","yoast_head_json":{"title":"De quan les aig\u00fces es van tornar camins &#183; Ardo Productions","robots":{"index":"noindex","follow":"follow","max-snippet":"max-snippet:-1","max-image-preview":"max-image-preview:large","max-video-preview":"max-video-preview:-1"},"og_locale":"es_ES","og_type":"article","og_title":"De quan les aig\u00fces es van tornar camins &#183; Ardo Productions","og_description":"Un encargo del Centro Excursionista de Catalunya Sinopsis El puente de Quer\u00f3s qued\u00f3 bajo el agua en 1967, cuando se construy\u00f3 el pantano de Susqueda. La sequ\u00eda de los \u00faltimos a\u00f1os le ha vuelto a sacar a la superficie, y durante unos meses ha sido posible volver a atravesarlo. Desde all\u00ed se leen en voz [&hellip;]","og_url":"https:\/\/somosardo.com\/es\/projectes\/de-quan-les-aigues-es-van-tornar-camins\/","og_site_name":"Ardo Productions","article_modified_time":"2026-09-02T19:16:47+00:00","og_image":[{"width":2560,"height":1440,"url":"https:\/\/somosardo.com\/wp-content\/uploads\/2026\/08\/De-quan-les-aigues-es-van-tornar-camins-Portada-scaled.jpg","type":"image\/jpeg"}],"twitter_card":"summary_large_image","twitter_misc":{"Tiempo de lectura":"2 minutos"},"schema":{"@context":"https:\/\/schema.org","@graph":[{"@type":"WebPage","@id":"https:\/\/somosardo.com\/es\/projectes\/de-quan-les-aigues-es-van-tornar-camins\/","url":"https:\/\/somosardo.com\/es\/projectes\/de-quan-les-aigues-es-van-tornar-camins\/","name":"De quan les aig\u00fces es van tornar camins &#183; Ardo Productions","isPartOf":{"@id":"https:\/\/somosardo.com\/es\/#website"},"primaryImageOfPage":{"@id":"https:\/\/somosardo.com\/es\/projectes\/de-quan-les-aigues-es-van-tornar-camins\/#primaryimage"},"image":{"@id":"https:\/\/somosardo.com\/es\/projectes\/de-quan-les-aigues-es-van-tornar-camins\/#primaryimage"},"thumbnailUrl":"https:\/\/somosardo.com\/wp-content\/uploads\/2026\/08\/De-quan-les-aigues-es-van-tornar-camins-Portada-scaled.jpg","datePublished":"2026-08-31T20:13:36+00:00","dateModified":"2026-09-02T19:16:47+00:00","breadcrumb":{"@id":"https:\/\/somosardo.com\/es\/projectes\/de-quan-les-aigues-es-van-tornar-camins\/#breadcrumb"},"inLanguage":"es","potentialAction":[{"@type":"ReadAction","target":["https:\/\/somosardo.com\/es\/projectes\/de-quan-les-aigues-es-van-tornar-camins\/"]}]},{"@type":"ImageObject","inLanguage":"es","@id":"https:\/\/somosardo.com\/es\/projectes\/de-quan-les-aigues-es-van-tornar-camins\/#primaryimage","url":"https:\/\/somosardo.com\/wp-content\/uploads\/2026\/08\/De-quan-les-aigues-es-van-tornar-camins-Portada-scaled.jpg","contentUrl":"https:\/\/somosardo.com\/wp-content\/uploads\/2026\/08\/De-quan-les-aigues-es-van-tornar-camins-Portada-scaled.jpg","width":2560,"height":1440,"caption":"El t\u00edtol De quan les aig\u00fces es van tornar camins sobre un degradat rosat"},{"@type":"BreadcrumbList","@id":"https:\/\/somosardo.com\/es\/projectes\/de-quan-les-aigues-es-van-tornar-camins\/#breadcrumb","itemListElement":[{"@type":"ListItem","position":1,"name":"Inici","item":"https:\/\/somosardo.com\/es\/"},{"@type":"ListItem","position":2,"name":"Projectes","item":"https:\/\/somosardo.com\/es\/projectes\/"},{"@type":"ListItem","position":3,"name":"De quan les aig\u00fces es van tornar camins"}]},{"@type":"WebSite","@id":"https:\/\/somosardo.com\/es\/#website","url":"https:\/\/somosardo.com\/es\/","name":"Ardo Productions","description":"Productora audiovisual","publisher":{"@id":"https:\/\/somosardo.com\/es\/#organization"},"potentialAction":[{"@type":"SearchAction","target":{"@type":"EntryPoint","urlTemplate":"https:\/\/somosardo.com\/es\/?s={search_term_string}"},"query-input":{"@type":"PropertyValueSpecification","valueRequired":true,"valueName":"search_term_string"}}],"inLanguage":"es"},{"@type":"Organization","@id":"https:\/\/somosardo.com\/es\/#organization","name":"Ardo Productions","url":"https:\/\/somosardo.com\/es\/","logo":{"@type":"ImageObject","inLanguage":"es","@id":"https:\/\/somosardo.com\/es\/#\/schema\/logo\/image\/","url":"https:\/\/somosardo.com\/wp-content\/uploads\/2026\/06\/favicon.png","contentUrl":"https:\/\/somosardo.com\/wp-content\/uploads\/2026\/06\/favicon.png","width":600,"height":600,"caption":"Ardo Productions"},"image":{"@id":"https:\/\/somosardo.com\/es\/#\/schema\/logo\/image\/"},"sameAs":["https:\/\/www.instagram.com\/ardoproductions\/","https:\/\/www.youtube.com\/@ARDO_PRODUCTIONS"]}]}},"_links":{"self":[{"href":"https:\/\/somosardo.com\/es\/wp-json\/wp\/v2\/projecte\/430","targetHints":{"allow":["GET"]}}],"collection":[{"href":"https:\/\/somosardo.com\/es\/wp-json\/wp\/v2\/projecte"}],"about":[{"href":"https:\/\/somosardo.com\/es\/wp-json\/wp\/v2\/types\/projecte"}],"wp:featuredmedia":[{"embeddable":true,"href":"https:\/\/somosardo.com\/es\/wp-json\/wp\/v2\/media\/433"}],"wp:attachment":[{"href":"https:\/\/somosardo.com\/es\/wp-json\/wp\/v2\/media?parent=430"}],"curies":[{"name":"wp","href":"https:\/\/api.w.org\/{rel}","templated":true}]}}